{"id":6052,"date":"2026-03-05T21:46:43","date_gmt":"2026-03-05T21:46:43","guid":{"rendered":"https:\/\/www.lucisullagodigarda.com\/?page_id=6052"},"modified":"2026-03-07T14:38:08","modified_gmt":"2026-03-07T14:38:08","slug":"luci-sul-lago-di-garda-home","status":"publish","type":"page","link":"https:\/\/www.lucisullagodigarda.com\/","title":{"rendered":"luci sul lago di garda home"},"content":{"rendered":"\t\t<div data-elementor-type=\"wp-page\" data-elementor-id=\"6052\" class=\"elementor elementor-6052\" data-elementor-post-type=\"page\">\n\t\t\t\t<div class=\"elementor-element elementor-element-073a872 e-flex e-con-boxed e-con e-parent\" data-id=\"073a872\" data-element_type=\"container\" data-e-type=\"container\">\n\t\t\t\t\t<div class=\"e-con-inner\">\n\t\t\t\t\t<\/div>\n\t\t\t\t<\/div>\n\t\t\t\t<section class=\"elementor-section elementor-top-section elementor-element elementor-element-e2bbea5 elementor-section-stretched elementor-section-boxed elementor-section-height-default elementor-section-height-default\" data-id=\"e2bbea5\" data-element_type=\"section\" data-e-type=\"section\" data-settings=\"{&quot;stretch_section&quot;:&quot;section-stretched&quot;}\">\n\t\t\t\t\t\t<div class=\"elementor-container elementor-column-gap-no\">\n\t\t\t\t\t<div class=\"elementor-column elementor-col-100 elementor-top-column elementor-element elementor-element-fb68fa7\" data-id=\"fb68fa7\" data-element_type=\"column\" data-e-type=\"column\">\n\t\t\t<div class=\"elementor-widget-wrap elementor-element-populated\">\n\t\t\t\t\t\t<div class=\"elementor-element elementor-element-1cdeaa5 elementor-widget elementor-widget-slider_revolution\" data-id=\"1cdeaa5\" data-element_type=\"widget\" data-e-type=\"widget\" data-widget_type=\"slider_revolution.default\">\n\t\t\t\t<div class=\"elementor-widget-container\">\n\t\t\t\t\t\n\t\t<div class=\"wp-block-themepunch-revslider\">\n\t\t\t\t<p class=\"rs-p-wp-fix\"><\/p>\n\t\t\t\t<sr7-module data-alias=\"slider-home1\" data-id=\"1\" id=\"SR7_1_1\" class=\"rs-ov-hidden\" data-version=\"6.7.34\">\n\t\t\t\t\t<sr7-adjuster><\/sr7-adjuster>\n\t\t\t\t\t<sr7-content>\n\t\t\t\t\t\t<sr7-slide id=\"SR7_1_1-1\" data-key=\"1\">\n\t\t\t\t\t\t\t<sr7-txt id=\"SR7_1_1-1-5\" class=\"sr7-layer\">LA TUA VACANZA<\/sr7-txt>\n\t\t\t\t\t\t\t<sr7-txt id=\"SR7_1_1-1-10\" class=\"sr7-layer\">sul Lago di Garda<\/sr7-txt>\n\t\t\t\t\t\t<\/sr7-slide>\n\t\t\t\t\t\t<sr7-slide id=\"SR7_1_1-2\" data-key=\"2\">\n\t\t\t\t\t\t\t<sr7-txt id=\"SR7_1_1-2-5\" class=\"sr7-layer\">Alloggi confortevoli<\/sr7-txt>\n\t\t\t\t\t\t\t<sr7-txt id=\"SR7_1_1-2-10\" class=\"sr7-layer\">per ogni esigenza<\/sr7-txt>\n\t\t\t\t\t\t<\/sr7-slide>\n\t\t\t\t\t\t<sr7-slide id=\"SR7_1_1-3\" data-key=\"3\">\n\t\t\t\t\t\t\t<sr7-txt id=\"SR7_1_1-3-5\" class=\"sr7-layer\">Tra natura e <br \/>\ncultura: <\/sr7-txt>\n\t\t\t\t\t\t\t<sr7-txt id=\"SR7_1_1-3-10\" class=\"sr7-layer\">Il cuore del lago<br \/>\nti aspetta<\/sr7-txt>\n\t\t\t\t\t\t<\/sr7-slide>\n\t\t\t\t\t\t<sr7-slide id=\"SR7_1_1-4\" data-key=\"4\">\n\t\t\t\t\t\t<\/sr7-slide>\n\t\t\t\t\t<\/sr7-content>\n\t\t\t\t\t<image_lists style=\"display:none\">\n\t\t\t\t\t\t<img data-src=\"\/\/www.lucisullagodigarda.com\/wp-content\/uploads\/2025\/06\/Spiagge-Manerba_002-scaled.jpg\" data-libid=\"5036\" title=\"Spiagge Manerba_002\" width=\"0\" height=\"0\" data-dbsrc=\"Ly93d3cubHVjaXN1bGxhZ29kaWdhcmRhLmNvbS93cC1jb250ZW50L3VwbG9hZHMvMjAyNS8wNi9TcGlhZ2dlLU1hbmVyYmFfMDAyLXNjYWxlZC5qcGc=\"\/>\n\t\t\t\t\t\t<img data-src=\"\/\/www.lucisullagodigarda.com\/wp-content\/uploads\/2026\/02\/terrazza8-scaled.jpg\" data-libid=\"5421\" title=\"terrazza8\" width=\"0\" height=\"0\" data-dbsrc=\"Ly93d3cubHVjaXN1bGxhZ29kaWdhcmRhLmNvbS93cC1jb250ZW50L3VwbG9hZHMvMjAyNi8wMi90ZXJyYXp6YTgtc2NhbGVkLmpwZw==\"\/>\n\t\t\t\t\t\t<img data-src=\"\/\/www.lucisullagodigarda.com\/wp-content\/uploads\/2026\/02\/0013-scaled.jpg\" data-libid=\"5373\" title=\"0013\" width=\"0\" height=\"0\" data-dbsrc=\"Ly93d3cubHVjaXN1bGxhZ29kaWdhcmRhLmNvbS93cC1jb250ZW50L3VwbG9hZHMvMjAyNi8wMi8wMDEzLXNjYWxlZC5qcGc=\"\/>\n\t\t\t\t\t<\/image_lists>\n\t\t\t\t<\/sr7-module>\n\t\t\t\t<script>\n\t\t\t\t\tSR7.PMH ??={}; SR7.PMH[\"SR7_1_1\"] = {cn:100,state:false,fn: function() { if (_tpt!==undefined && _tpt.prepareModuleHeight !== undefined) {  _tpt.prepareModuleHeight({id:\"SR7_1_1\",el:[960,960,750,800,730],type:'standard',shdw:'0',gh:[960,960,750,800,730],gw:[1920,1920,1024,778,480],vpt:['-200px&#039;,&#039;-200px&#039;,&#039;-200px&#039;,&#039;-200px&#039;,&#039;-200px'],size:{fullWidth:true, fullHeight:false},mh:'0',onh:0,onw:85,bg:{color:'{\"orig\":\"transparent\",\"type\":\"solid\",\"string\":\"transparent\"}'}});   SR7.PMH[\"SR7_1_1\"].state=true;} else if(SR7.PMH[\"SR7_1_1\"].cn-->0)\tsetTimeout( SR7.PMH[\"SR7_1_1\"].fn,19);}};SR7.PMH[\"SR7_1_1\" ].fn();\n\t\t\t\t<\/script>\n<\/div>\n\n\t\t\t\t\t\t<\/div>\n\t\t\t\t<\/div>\n\t\t\t\t<div class=\"elementor-element elementor-element-1b3af3e elementor-widget elementor-widget-spacer\" data-id=\"1b3af3e\" data-element_type=\"widget\" data-e-type=\"widget\" data-widget_type=\"spacer.default\">\n\t\t\t\t<div class=\"elementor-widget-container\">\n\t\t\t\t\t\t\t<div class=\"elementor-spacer\">\n\t\t\t<div class=\"elementor-spacer-inner\"><\/div>\n\t\t<\/div>\n\t\t\t\t\t\t<\/div>\n\t\t\t\t<\/div>\n\t\t\t\t\t<\/div>\n\t\t<\/div>\n\t\t\t\t\t<\/div>\n\t\t<\/section>\n\t\t\t\t<section class=\"elementor-section elementor-top-section elementor-element elementor-element-5b83778 elementor-section-stretched elementor-section-boxed elementor-section-height-default elementor-section-height-default elementor-invisible\" data-id=\"5b83778\" data-element_type=\"section\" data-e-type=\"section\" data-settings=\"{&quot;stretch_section&quot;:&quot;section-stretched&quot;,&quot;animation&quot;:&quot;opal-move-right&quot;}\">\n\t\t\t\t\t\t<div class=\"elementor-container elementor-column-gap-no\">\n\t\t\t\t\t<div class=\"elementor-column elementor-col-50 elementor-top-column elementor-element elementor-element-5c4a3e0\" data-id=\"5c4a3e0\" data-element_type=\"column\" data-e-type=\"column\">\n\t\t\t<div class=\"elementor-widget-wrap elementor-element-populated\">\n\t\t\t\t\t\t<div class=\"elementor-element elementor-element-ceaa1a6 elementor-widget__width-auto elementor-widget-divider--view-line elementor-widget elementor-widget-divider\" data-id=\"ceaa1a6\" data-element_type=\"widget\" data-e-type=\"widget\" data-widget_type=\"divider.default\">\n\t\t\t\t<div class=\"elementor-widget-container\">\n\t\t\t\t\t\t\t<div class=\"elementor-divider\">\n\t\t\t<span class=\"elementor-divider-separator\">\n\t\t\t\t\t\t<\/span>\n\t\t<\/div>\n\t\t\t\t\t\t<\/div>\n\t\t\t\t<\/div>\n\t\t\t\t<div class=\"elementor-element elementor-element-8e9ec96 elementor-widget__width-auto elementor-widget elementor-widget-text-editor\" data-id=\"8e9ec96\" data-element_type=\"widget\" data-e-type=\"widget\" data-widget_type=\"text-editor.default\">\n\t\t\t\t<div class=\"elementor-widget-container\">\n\t\t\t\t\t\t\t\t\t<p>BENVENUTI<\/p>\t\t\t\t\t\t\t\t<\/div>\n\t\t\t\t<\/div>\n\t\t\t\t<div class=\"elementor-element elementor-element-1c2c61b elementor-widget elementor-widget-heading\" data-id=\"1c2c61b\" data-element_type=\"widget\" data-e-type=\"widget\" data-widget_type=\"heading.default\">\n\t\t\t\t<div class=\"elementor-widget-container\">\n\t\t\t\t\t<h2 class=\"elementor-heading-title elementor-size-default\">Gestione professionale di affitti brevi sul Lago di Garda<\/h2>\t\t\t\t<\/div>\n\t\t\t\t<\/div>\n\t\t\t\t<div class=\"elementor-element elementor-element-c491bcb elementor-widget elementor-widget-text-editor\" data-id=\"c491bcb\" data-element_type=\"widget\" data-e-type=\"widget\" data-widget_type=\"text-editor.default\">\n\t\t\t\t<div class=\"elementor-widget-container\">\n\t\t\t\t\t\t\t\t\t<p><em><strong data-start=\"152\" data-end=\"178\">Luci sul Lago di Garda<\/strong><\/em> nasce per offrire un servizio completo e personalizzato nella gestione di affitti brevi, dedicato sia ai proprietari che desiderano valorizzare il proprio immobile senza pensieri, sia agli ospiti in cerca di un soggiorno autentico e confortevole. Conosciamo profondamente il territorio gardesano e selezioniamo con cura ogni casa vacanze: ambienti accoglienti, comfort moderni e posizioni strategiche tra borghi e spiagge. Ogni dettaglio \u00e8 pensato per offrire esperienze memorabili, con professionalit\u00e0, accoglienza e semplicit\u00e0.<\/p>\t\t\t\t\t\t\t\t<\/div>\n\t\t\t\t<\/div>\n\t\t\t\t\t<\/div>\n\t\t<\/div>\n\t\t\t\t<div class=\"elementor-column elementor-col-50 elementor-top-column elementor-element elementor-element-ae8cbfc elementor-hidden-mobile_extra elementor-hidden-mobile\" data-id=\"ae8cbfc\" data-element_type=\"column\" data-e-type=\"column\">\n\t\t\t<div class=\"elementor-widget-wrap elementor-element-populated\">\n\t\t\t\t\t\t<div class=\"elementor-element elementor-element-201a5e8 elementor-widget elementor-widget-image\" data-id=\"201a5e8\" data-element_type=\"widget\" data-e-type=\"widget\" data-widget_type=\"image.default\">\n\t\t\t\t<div class=\"elementor-widget-container\">\n\t\t\t\t\t\t\t\t\t\t\t\t\t\t\t<img loading=\"lazy\" decoding=\"async\" width=\"2560\" height=\"1707\" src=\"https:\/\/www.lucisullagodigarda.com\/wp-content\/uploads\/2025\/06\/AS_09550-scaled.jpg\" class=\"attachment-full size-full wp-image-5045\" alt=\"\" srcset=\"https:\/\/www.lucisullagodigarda.com\/wp-content\/uploads\/2025\/06\/AS_09550-scaled.jpg 2560w, https:\/\/www.lucisullagodigarda.com\/wp-content\/uploads\/2025\/06\/AS_09550-300x200.jpg 300w, https:\/\/www.lucisullagodigarda.com\/wp-content\/uploads\/2025\/06\/AS_09550-1024x683.jpg 1024w, https:\/\/www.lucisullagodigarda.com\/wp-content\/uploads\/2025\/06\/AS_09550-768x512.jpg 768w, https:\/\/www.lucisullagodigarda.com\/wp-content\/uploads\/2025\/06\/AS_09550-1536x1024.jpg 1536w, https:\/\/www.lucisullagodigarda.com\/wp-content\/uploads\/2025\/06\/AS_09550-2048x1365.jpg 2048w\" sizes=\"(max-width: 2560px) 100vw, 2560px\" \/>\t\t\t\t\t\t\t\t\t\t\t\t\t\t\t<\/div>\n\t\t\t\t<\/div>\n\t\t\t\t\t<\/div>\n\t\t<\/div>\n\t\t\t\t\t<\/div>\n\t\t<\/section>\n\t\t\t\t<section class=\"elementor-section elementor-top-section elementor-element elementor-element-6d0428a elementor-section-content-bottom elementor-section-stretched elementor-section-boxed elementor-section-height-default elementor-section-height-default\" data-id=\"6d0428a\" data-element_type=\"section\" data-e-type=\"section\" data-settings=\"{&quot;stretch_section&quot;:&quot;section-stretched&quot;}\">\n\t\t\t\t\t\t<div class=\"elementor-container elementor-column-gap-no\">\n\t\t\t\t\t<div class=\"elementor-column elementor-col-50 elementor-top-column elementor-element elementor-element-d81ec3a\" data-id=\"d81ec3a\" data-element_type=\"column\" data-e-type=\"column\">\n\t\t\t<div class=\"elementor-widget-wrap elementor-element-populated\">\n\t\t\t\t\t\t<div class=\"elementor-element elementor-element-d4f8f3b elementor-widget__width-auto elementor-widget-divider--view-line elementor-widget elementor-widget-divider\" data-id=\"d4f8f3b\" data-element_type=\"widget\" data-e-type=\"widget\" data-widget_type=\"divider.default\">\n\t\t\t\t<div class=\"elementor-widget-container\">\n\t\t\t\t\t\t\t<div class=\"elementor-divider\">\n\t\t\t<span class=\"elementor-divider-separator\">\n\t\t\t\t\t\t<\/span>\n\t\t<\/div>\n\t\t\t\t\t\t<\/div>\n\t\t\t\t<\/div>\n\t\t\t\t<div class=\"elementor-element elementor-element-26a4a9a elementor-widget__width-auto elementor-widget elementor-widget-text-editor\" data-id=\"26a4a9a\" data-element_type=\"widget\" data-e-type=\"widget\" data-widget_type=\"text-editor.default\">\n\t\t\t\t<div class=\"elementor-widget-container\">\n\t\t\t\t\t\t\t\t\t<p>le nostre proposte<\/p>\t\t\t\t\t\t\t\t<\/div>\n\t\t\t\t<\/div>\n\t\t\t\t<div class=\"elementor-element elementor-element-e5029b4 elementor-widget elementor-widget-heading\" data-id=\"e5029b4\" data-element_type=\"widget\" data-e-type=\"widget\" data-widget_type=\"heading.default\">\n\t\t\t\t<div class=\"elementor-widget-container\">\n\t\t\t\t\t<h2 class=\"elementor-heading-title elementor-size-default\">Le nostre strutture, il tuo soggiorno...<\/h2>\t\t\t\t<\/div>\n\t\t\t\t<\/div>\n\t\t\t\t\t<\/div>\n\t\t<\/div>\n\t\t\t\t<div class=\"elementor-column elementor-col-50 elementor-top-column elementor-element elementor-element-c47f099\" data-id=\"c47f099\" data-element_type=\"column\" data-e-type=\"column\">\n\t\t\t<div class=\"elementor-widget-wrap elementor-element-populated\">\n\t\t\t\t\t\t<div class=\"elementor-element elementor-element-9db5a8f elementor-align-right elementor-mobile-align-left elementor-button-default elementor-widget elementor-widget-button\" data-id=\"9db5a8f\" data-element_type=\"widget\" data-e-type=\"widget\" data-widget_type=\"button.default\">\n\t\t\t\t<div class=\"elementor-widget-container\">\n\t\t\t\t\t\t\t\t\t<div class=\"elementor-button-wrapper\">\n\t\t\t\t\t<a class=\"elementor-button elementor-button-link elementor-size-sm\" href=\"https:\/\/www.lucisullagodigarda.com\/index.php\/le-nostre-proposte\/\">\n\t\t\t\t\t\t<span class=\"elementor-button-content-wrapper\">\n\t\t\t\t\t\t<span class=\"elementor-button-icon\">\n\t\t\t\t<i aria-hidden=\"true\" class=\"villax-icon- villax-icon-arrow-right-bold\"><\/i>\t\t\t<\/span>\n\t\t\t\t\t\t\t\t\t<span class=\"elementor-button-text\">scopri le nostre case<\/span>\n\t\t\t\t\t<\/span>\n\t\t\t\t\t<\/a>\n\t\t\t\t<\/div>\n\t\t\t\t\t\t\t\t<\/div>\n\t\t\t\t<\/div>\n\t\t\t\t\t<\/div>\n\t\t<\/div>\n\t\t\t\t\t<\/div>\n\t\t<\/section>\n\t\t\t\t<section class=\"elementor-section elementor-top-section elementor-element elementor-element-9da95b6 elementor-section-content-middle elementor-section-stretched elementor-section-boxed elementor-section-height-default elementor-section-height-default elementor-invisible\" data-id=\"9da95b6\" data-element_type=\"section\" data-e-type=\"section\" data-settings=\"{&quot;stretch_section&quot;:&quot;section-stretched&quot;,&quot;background_background&quot;:&quot;classic&quot;,&quot;animation&quot;:&quot;opal-move-left&quot;}\">\n\t\t\t\t\t\t<div class=\"elementor-container elementor-column-gap-no\">\n\t\t\t\t\t<div class=\"elementor-column elementor-col-50 elementor-top-column elementor-element elementor-element-26b06fc\" data-id=\"26b06fc\" data-element_type=\"column\" data-e-type=\"column\">\n\t\t\t<div class=\"elementor-widget-wrap elementor-element-populated\">\n\t\t\t\t\t\t<div class=\"elementor-element elementor-element-148ecf5 elementor-widget__width-auto elementor-widget-divider--view-line elementor-widget elementor-widget-divider\" data-id=\"148ecf5\" data-element_type=\"widget\" data-e-type=\"widget\" data-widget_type=\"divider.default\">\n\t\t\t\t<div class=\"elementor-widget-container\">\n\t\t\t\t\t\t\t<div class=\"elementor-divider\">\n\t\t\t<span class=\"elementor-divider-separator\">\n\t\t\t\t\t\t<\/span>\n\t\t<\/div>\n\t\t\t\t\t\t<\/div>\n\t\t\t\t<\/div>\n\t\t\t\t<div class=\"elementor-element elementor-element-6cc1f0b elementor-widget__width-auto elementor-widget elementor-widget-heading\" data-id=\"6cc1f0b\" data-element_type=\"widget\" data-e-type=\"widget\" data-widget_type=\"heading.default\">\n\t\t\t\t<div class=\"elementor-widget-container\">\n\t\t\t\t\t<h5 class=\"elementor-heading-title elementor-size-default\">Massima resa, zero stress. Ci pensiamo noi.<\/h5>\t\t\t\t<\/div>\n\t\t\t\t<\/div>\n\t\t\t\t<div class=\"elementor-element elementor-element-f73fe51 elementor-widget elementor-widget-heading\" data-id=\"f73fe51\" data-element_type=\"widget\" data-e-type=\"widget\" data-widget_type=\"heading.default\">\n\t\t\t\t<div class=\"elementor-widget-container\">\n\t\t\t\t\t<h2 class=\"elementor-heading-title elementor-size-default\">Gestione affitti brevi sul Lago di Garda<\/h2>\t\t\t\t<\/div>\n\t\t\t\t<\/div>\n\t\t\t\t<div class=\"elementor-element elementor-element-3db0d34 elementor-widget elementor-widget-text-editor\" data-id=\"3db0d34\" data-element_type=\"widget\" data-e-type=\"widget\" data-widget_type=\"text-editor.default\">\n\t\t\t\t<div class=\"elementor-widget-container\">\n\t\t\t\t\t\t\t\t\t<p>Affida la tua casa vacanze a professionisti locali: ci occupiamo di tutto, dalla promozione all\u2019accoglienza degli ospiti.<\/p>\t\t\t\t\t\t\t\t<\/div>\n\t\t\t\t<\/div>\n\t\t\t\t\t<\/div>\n\t\t<\/div>\n\t\t\t\t<div class=\"elementor-column elementor-col-50 elementor-top-column elementor-element elementor-element-d2c6623\" data-id=\"d2c6623\" data-element_type=\"column\" data-e-type=\"column\">\n\t\t\t<div class=\"elementor-widget-wrap\">\n\t\t\t\t\t\t\t<\/div>\n\t\t<\/div>\n\t\t\t\t\t<\/div>\n\t\t<\/section>\n\t\t\t\t<section class=\"elementor-section elementor-top-section elementor-element elementor-element-840f00b elementor-section-stretched elementor-section-boxed elementor-section-height-default elementor-section-height-default elementor-invisible\" data-id=\"840f00b\" data-element_type=\"section\" data-e-type=\"section\" data-settings=\"{&quot;stretch_section&quot;:&quot;section-stretched&quot;,&quot;background_background&quot;:&quot;classic&quot;,&quot;animation&quot;:&quot;opal-move-left&quot;}\">\n\t\t\t\t\t\t<div class=\"elementor-container elementor-column-gap-no\">\n\t\t\t\t\t<div class=\"elementor-column elementor-col-25 elementor-top-column elementor-element elementor-element-61daa62\" data-id=\"61daa62\" data-element_type=\"column\" data-e-type=\"column\" data-settings=\"{&quot;background_background&quot;:&quot;classic&quot;}\">\n\t\t\t<div class=\"elementor-widget-wrap elementor-element-populated\">\n\t\t\t\t\t\t<div class=\"elementor-element elementor-element-b88a12b elementor-view-stacked elementor-shape-square elementor-position-block-start elementor-mobile-position-block-start elementor-widget elementor-widget-icon-box\" data-id=\"b88a12b\" data-element_type=\"widget\" data-e-type=\"widget\" data-widget_type=\"icon-box.default\">\n\t\t\t\t<div class=\"elementor-widget-container\">\n\t\t\t\t\t\t\t<div class=\"elementor-icon-box-wrapper\">\n\n\t\t\t\t\t\t<div class=\"elementor-icon-box-icon\">\n\t\t\t\t<span  class=\"elementor-icon\">\n\t\t\t\t<i aria-hidden=\"true\" class=\"villax-icon- villax-icon-diamond\"><\/i>\t\t\t\t<\/span>\n\t\t\t<\/div>\n\t\t\t\n\t\t\t\t\t\t<div class=\"elementor-icon-box-content\">\n\n\t\t\t\t\t\t\t\t\t<h4 class=\"elementor-icon-box-title\">\n\t\t\t\t\t\t<span  >\n\t\t\t\t\t\t\tIl Tuo Soggiorno, Curato in Ogni Dettaglio <br> \t\t\t\t\t\t<\/span>\n\t\t\t\t\t<\/h4>\n\t\t\t\t\n\t\t\t\t\t\t\t\t\t<p class=\"elementor-icon-box-description\">\n\t\t\t\t\t\tCura dei dettagli per un\u2019accoglienza calorosa e confortevole\t\t\t\t\t<\/p>\n\t\t\t\t\n\t\t\t<\/div>\n\t\t\t\n\t\t<\/div>\n\t\t\t\t\t\t<\/div>\n\t\t\t\t<\/div>\n\t\t\t\t\t<\/div>\n\t\t<\/div>\n\t\t\t\t<div class=\"elementor-column elementor-col-25 elementor-top-column elementor-element elementor-element-369b35d\" data-id=\"369b35d\" data-element_type=\"column\" data-e-type=\"column\" data-settings=\"{&quot;background_background&quot;:&quot;classic&quot;}\">\n\t\t\t<div class=\"elementor-widget-wrap elementor-element-populated\">\n\t\t\t\t\t\t<div class=\"elementor-element elementor-element-6e4275c elementor-view-stacked elementor-shape-square elementor-position-block-start elementor-mobile-position-block-start elementor-widget elementor-widget-icon-box\" data-id=\"6e4275c\" data-element_type=\"widget\" data-e-type=\"widget\" data-widget_type=\"icon-box.default\">\n\t\t\t\t<div class=\"elementor-widget-container\">\n\t\t\t\t\t\t\t<div class=\"elementor-icon-box-wrapper\">\n\n\t\t\t\t\t\t<div class=\"elementor-icon-box-icon\">\n\t\t\t\t<span  class=\"elementor-icon\">\n\t\t\t\t<i aria-hidden=\"true\" class=\"villax-icon- villax-icon-clock-time\"><\/i>\t\t\t\t<\/span>\n\t\t\t<\/div>\n\t\t\t\n\t\t\t\t\t\t<div class=\"elementor-icon-box-content\">\n\n\t\t\t\t\t\t\t\t\t<h4 class=\"elementor-icon-box-title\">\n\t\t\t\t\t\t<span  >\n\t\t\t\t\t\t\tArrivo e Partenza, Sempre Su Misura <br>\t\t\t\t\t\t<\/span>\n\t\t\t\t\t<\/h4>\n\t\t\t\t\n\t\t\t\t\t\t\t\t\t<p class=\"elementor-icon-box-description\">\n\t\t\t\t\t\tCheck-in e check-out organizzati con cura e flessibilit\u00e0\t\t\t\t\t<\/p>\n\t\t\t\t\n\t\t\t<\/div>\n\t\t\t\n\t\t<\/div>\n\t\t\t\t\t\t<\/div>\n\t\t\t\t<\/div>\n\t\t\t\t\t<\/div>\n\t\t<\/div>\n\t\t\t\t<div class=\"elementor-column elementor-col-25 elementor-top-column elementor-element elementor-element-038640b\" data-id=\"038640b\" data-element_type=\"column\" data-e-type=\"column\" data-settings=\"{&quot;background_background&quot;:&quot;classic&quot;}\">\n\t\t\t<div class=\"elementor-widget-wrap elementor-element-populated\">\n\t\t\t\t\t\t<div class=\"elementor-element elementor-element-8cce17c elementor-view-stacked elementor-shape-square elementor-position-block-start elementor-mobile-position-block-start elementor-widget elementor-widget-icon-box\" data-id=\"8cce17c\" data-element_type=\"widget\" data-e-type=\"widget\" data-widget_type=\"icon-box.default\">\n\t\t\t\t<div class=\"elementor-widget-container\">\n\t\t\t\t\t\t\t<div class=\"elementor-icon-box-wrapper\">\n\n\t\t\t\t\t\t<div class=\"elementor-icon-box-icon\">\n\t\t\t\t<span  class=\"elementor-icon\">\n\t\t\t\t<i aria-hidden=\"true\" class=\"villax-icon- villax-icon-quality\"><\/i>\t\t\t\t<\/span>\n\t\t\t<\/div>\n\t\t\t\n\t\t\t\t\t\t<div class=\"elementor-icon-box-content\">\n\n\t\t\t\t\t\t\t\t\t<h4 class=\"elementor-icon-box-title\">\n\t\t\t\t\t\t<span  >\n\t\t\t\t\t\t\tServizio di Gestione Immobiliare a 360\u00b0 <br>\t\t\t\t\t\t<\/span>\n\t\t\t\t\t<\/h4>\n\t\t\t\t\n\t\t\t\t\t\t\t\t\t<p class=\"elementor-icon-box-description\">\n\t\t\t\t\t\tGestione professionale e completa dell\u2019immobile\t\t\t\t\t<\/p>\n\t\t\t\t\n\t\t\t<\/div>\n\t\t\t\n\t\t<\/div>\n\t\t\t\t\t\t<\/div>\n\t\t\t\t<\/div>\n\t\t\t\t\t<\/div>\n\t\t<\/div>\n\t\t\t\t<div class=\"elementor-column elementor-col-25 elementor-top-column elementor-element elementor-element-bcb2966\" data-id=\"bcb2966\" data-element_type=\"column\" data-e-type=\"column\" data-settings=\"{&quot;background_background&quot;:&quot;classic&quot;}\">\n\t\t\t<div class=\"elementor-widget-wrap elementor-element-populated\">\n\t\t\t\t\t\t<div class=\"elementor-element elementor-element-7d2c749 elementor-view-stacked elementor-shape-square elementor-position-block-start elementor-mobile-position-block-start elementor-widget elementor-widget-icon-box\" data-id=\"7d2c749\" data-element_type=\"widget\" data-e-type=\"widget\" data-widget_type=\"icon-box.default\">\n\t\t\t\t<div class=\"elementor-widget-container\">\n\t\t\t\t\t\t\t<div class=\"elementor-icon-box-wrapper\">\n\n\t\t\t\t\t\t<div class=\"elementor-icon-box-icon\">\n\t\t\t\t<span  class=\"elementor-icon\">\n\t\t\t\t<i aria-hidden=\"true\" class=\"villax-icon- villax-icon-trusted\"><\/i>\t\t\t\t<\/span>\n\t\t\t<\/div>\n\t\t\t\n\t\t\t\t\t\t<div class=\"elementor-icon-box-content\">\n\n\t\t\t\t\t\t\t\t\t<h4 class=\"elementor-icon-box-title\">\n\t\t\t\t\t\t<span  >\n\t\t\t\t\t\t\tSempre al Tuo Fianco per Esperienze Positive <br>\t\t\t\t\t\t<\/span>\n\t\t\t\t\t<\/h4>\n\t\t\t\t\n\t\t\t\t\t\t\t\t\t<p class=\"elementor-icon-box-description\">\n\t\t\t\t\t\tSupporto per garantire esperienze positive e senza stress\t\t\t\t\t<\/p>\n\t\t\t\t\n\t\t\t<\/div>\n\t\t\t\n\t\t<\/div>\n\t\t\t\t\t\t<\/div>\n\t\t\t\t<\/div>\n\t\t\t\t\t<\/div>\n\t\t<\/div>\n\t\t\t\t\t<\/div>\n\t\t<\/section>\n\t\t\t\t<section class=\"elementor-section elementor-top-section elementor-element elementor-element-9534833 elementor-section-stretched elementor-section-boxed elementor-section-height-default elementor-section-height-default\" data-id=\"9534833\" data-element_type=\"section\" data-e-type=\"section\" id=\"recensioni\" data-settings=\"{&quot;stretch_section&quot;:&quot;section-stretched&quot;}\">\n\t\t\t\t\t\t<div class=\"elementor-container elementor-column-gap-no\">\n\t\t\t\t\t<div class=\"elementor-column elementor-col-100 elementor-top-column elementor-element elementor-element-a34a9ed\" data-id=\"a34a9ed\" data-element_type=\"column\" data-e-type=\"column\">\n\t\t\t<div class=\"elementor-widget-wrap elementor-element-populated\">\n\t\t\t\t\t\t<div class=\"elementor-element elementor-element-68730eb elementor-widget__width-auto elementor-widget-divider--view-line elementor-widget elementor-widget-divider\" data-id=\"68730eb\" data-element_type=\"widget\" data-e-type=\"widget\" data-widget_type=\"divider.default\">\n\t\t\t\t<div class=\"elementor-widget-container\">\n\t\t\t\t\t\t\t<div class=\"elementor-divider\">\n\t\t\t<span class=\"elementor-divider-separator\">\n\t\t\t\t\t\t<\/span>\n\t\t<\/div>\n\t\t\t\t\t\t<\/div>\n\t\t\t\t<\/div>\n\t\t\t\t<div class=\"elementor-element elementor-element-ee2e964 elementor-widget__width-auto elementor-widget elementor-widget-text-editor\" data-id=\"ee2e964\" data-element_type=\"widget\" data-e-type=\"widget\" data-widget_type=\"text-editor.default\">\n\t\t\t\t<div class=\"elementor-widget-container\">\n\t\t\t\t\t\t\t\t\t<p>Recensioni<\/p>\t\t\t\t\t\t\t\t<\/div>\n\t\t\t\t<\/div>\n\t\t\t\t<div class=\"elementor-element elementor-element-8ef95a1 elementor-widget elementor-widget-heading\" data-id=\"8ef95a1\" data-element_type=\"widget\" data-e-type=\"widget\" data-widget_type=\"heading.default\">\n\t\t\t\t<div class=\"elementor-widget-container\">\n\t\t\t\t\t<h2 class=\"elementor-heading-title elementor-size-default\">Cosa dicono i nostri ospiti...<\/h2>\t\t\t\t<\/div>\n\t\t\t\t<\/div>\n\t\t\t\t\t<\/div>\n\t\t<\/div>\n\t\t\t\t\t<\/div>\n\t\t<\/section>\n\t\t\t\t<section class=\"elementor-section elementor-top-section elementor-element elementor-element-a09d653 elementor-section-full_width elementor-section-stretched elementor-section-height-default elementor-section-height-default\" data-id=\"a09d653\" data-element_type=\"section\" data-e-type=\"section\" data-settings=\"{&quot;stretch_section&quot;:&quot;section-stretched&quot;,&quot;background_background&quot;:&quot;classic&quot;}\">\n\t\t\t\t\t\t<div class=\"elementor-container elementor-column-gap-no\">\n\t\t\t\t\t<div class=\"elementor-column elementor-col-100 elementor-top-column elementor-element elementor-element-3812ec4\" data-id=\"3812ec4\" data-element_type=\"column\" data-e-type=\"column\">\n\t\t\t<div class=\"elementor-widget-wrap elementor-element-populated\">\n\t\t\t\t\t\t<div class=\"elementor-element elementor-element-8889362 elementor-widget__width-initial elementor-absolute elementor-hidden-mobile elementor-widget elementor-widget-image\" data-id=\"8889362\" data-element_type=\"widget\" data-e-type=\"widget\" data-settings=\"{&quot;_position&quot;:&quot;absolute&quot;}\" data-widget_type=\"image.default\">\n\t\t\t\t<div class=\"elementor-widget-container\">\n\t\t\t\t\t\t\t\t\t\t\t\t\t\t\t<img loading=\"lazy\" decoding=\"async\" width=\"1707\" height=\"2560\" src=\"https:\/\/www.lucisullagodigarda.com\/wp-content\/uploads\/2026\/01\/affitti-brevi-lago-di-garda_10-scaled.jpg\" class=\"attachment-full size-full wp-image-5215\" alt=\"\" srcset=\"https:\/\/www.lucisullagodigarda.com\/wp-content\/uploads\/2026\/01\/affitti-brevi-lago-di-garda_10-scaled.jpg 1707w, https:\/\/www.lucisullagodigarda.com\/wp-content\/uploads\/2026\/01\/affitti-brevi-lago-di-garda_10-200x300.jpg 200w, https:\/\/www.lucisullagodigarda.com\/wp-content\/uploads\/2026\/01\/affitti-brevi-lago-di-garda_10-683x1024.jpg 683w, https:\/\/www.lucisullagodigarda.com\/wp-content\/uploads\/2026\/01\/affitti-brevi-lago-di-garda_10-768x1152.jpg 768w, https:\/\/www.lucisullagodigarda.com\/wp-content\/uploads\/2026\/01\/affitti-brevi-lago-di-garda_10-1024x1536.jpg 1024w, https:\/\/www.lucisullagodigarda.com\/wp-content\/uploads\/2026\/01\/affitti-brevi-lago-di-garda_10-1366x2048.jpg 1366w\" sizes=\"(max-width: 1707px) 100vw, 1707px\" \/>\t\t\t\t\t\t\t\t\t\t\t\t\t\t\t<\/div>\n\t\t\t\t<\/div>\n\t\t\t\t<section class=\"elementor-section elementor-inner-section elementor-element elementor-element-e0e4a7e elementor-section-boxed elementor-section-height-default elementor-section-height-default\" data-id=\"e0e4a7e\" data-element_type=\"section\" data-e-type=\"section\">\n\t\t\t\t\t\t<div class=\"elementor-container elementor-column-gap-no\">\n\t\t\t\t\t<div class=\"elementor-column elementor-col-50 elementor-inner-column elementor-element elementor-element-0a555bf\" data-id=\"0a555bf\" data-element_type=\"column\" data-e-type=\"column\">\n\t\t\t<div class=\"elementor-widget-wrap elementor-element-populated\">\n\t\t\t\t\t\t<div class=\"elementor-element elementor-element-989d247 arrow-style-1 dot-style-1 elementor-widget elementor-widget-villax-testimonials\" data-id=\"989d247\" data-element_type=\"widget\" data-e-type=\"widget\" data-widget_type=\"villax-testimonials.default\">\n\t\t\t\t<div class=\"elementor-widget-container\">\n\t\t\t\t\t            <div class=\"elementor-testimonial-item-wrapper\">\n\n                <div class=\"row villax-carousel layout-1\" data-settings=\"{&quot;centerMode&quot;:false,&quot;variableWidth&quot;:false,&quot;centerPadding&quot;:&quot;50px&quot;,&quot;navigation&quot;:&quot;dots&quot;,&quot;autoplayHoverPause&quot;:true,&quot;autoplay&quot;:true,&quot;autoplaySpeed&quot;:5000,&quot;items&quot;:2,&quot;items_laptop&quot;:&quot;2&quot;,&quot;items_tablet_extra&quot;:&quot;2&quot;,&quot;items_tablet&quot;:&quot;1&quot;,&quot;items_mobile_extra&quot;:&quot;1&quot;,&quot;items_mobile&quot;:&quot;1&quot;,&quot;loop&quot;:true,&quot;breakpoint_laptop&quot;:1366,&quot;breakpoint_tablet_extra&quot;:1200,&quot;breakpoint_tablet&quot;:1024,&quot;breakpoint_mobile_extra&quot;:880,&quot;breakpoint_mobile&quot;:767,&quot;centerPadding_laptop&quot;:&quot;50px&quot;,&quot;centerPadding_tablet_extra&quot;:&quot;50px&quot;,&quot;centerPadding_tablet&quot;:&quot;50px&quot;,&quot;centerPadding_mobile_extra&quot;:&quot;50px&quot;,&quot;centerPadding_mobile&quot;:&quot;50px&quot;}\">\n                                            <div class=\"column-item elementor-testimonial-item\">\n\n                                                            <div class=\"testimonial-content\">\n                                    <div class=\"testimonial-inner\">\n                                                                                <div class=\"elementor-testimonial-rating\"><i class=\"villax-icon-star-2 active\" aria-hidden=\"true\"><\/i><i class=\"villax-icon-star-2 active\" aria-hidden=\"true\"><\/i><i class=\"villax-icon-star-2 active\" aria-hidden=\"true\"><\/i><i class=\"villax-icon-star-2 active\" aria-hidden=\"true\"><\/i><i class=\"villax-icon-star-2 active\" aria-hidden=\"true\"><\/i><\/div>                                                                                    <div class=\"content\">\n                                                \"Host super disponibile, casa situata in centro a due passi da tutto. Appartamento super pulito e confortevole.! Sono stato davvero bene.\"                                            <\/div>\n                                                                                <div class=\"details \">\n                                                                                        <div class=\"infor\">\n                                                                                                <div class=\"name\">Nicol\u00f2<\/div>                                                                                                    <div class=\"job\">Italia<\/div>\n                                                                                            <\/div>\n                                        <\/div>\n                                    <\/div>\n                                <\/div>\n                            \n                            \n                        <\/div>\n                                            <div class=\"column-item elementor-testimonial-item\">\n\n                                                            <div class=\"testimonial-content\">\n                                    <div class=\"testimonial-inner\">\n                                                                                <div class=\"elementor-testimonial-rating\"><i class=\"villax-icon-star-2 active\" aria-hidden=\"true\"><\/i><i class=\"villax-icon-star-2 active\" aria-hidden=\"true\"><\/i><i class=\"villax-icon-star-2 active\" aria-hidden=\"true\"><\/i><i class=\"villax-icon-star-2 active\" aria-hidden=\"true\"><\/i><i class=\"villax-icon-star-2 active\" aria-hidden=\"true\"><\/i><\/div>                                                                                    <div class=\"content\">\n                                                \"Very nice Italian-style apartment with very convenient location.\n\nGreat host, helped with local restaurants recommendations, met us at a bus station, was always in touch and responded quickly on all our questions!\"                                            <\/div>\n                                                                                <div class=\"details \">\n                                                                                        <div class=\"infor\">\n                                                                                                <div class=\"name\">Oleg<\/div>                                                                                                    <div class=\"job\">Paesi Bassi<\/div>\n                                                                                            <\/div>\n                                        <\/div>\n                                    <\/div>\n                                <\/div>\n                            \n                            \n                        <\/div>\n                                            <div class=\"column-item elementor-testimonial-item\">\n\n                                                            <div class=\"testimonial-content\">\n                                    <div class=\"testimonial-inner\">\n                                                                                <div class=\"elementor-testimonial-rating\"><i class=\"villax-icon-star-2 active\" aria-hidden=\"true\"><\/i><i class=\"villax-icon-star-2 active\" aria-hidden=\"true\"><\/i><i class=\"villax-icon-star-2 active\" aria-hidden=\"true\"><\/i><i class=\"villax-icon-star-2 active\" aria-hidden=\"true\"><\/i><i class=\"villax-icon-star-2 active\" aria-hidden=\"true\"><\/i><\/div>                                                                                    <div class=\"content\">\n                                                \"We had a fabulous stay. Beautiful appartment in a great location. Paola was an extremely helpful host - very pleasant to deal with & made many recommendations.\"                                            <\/div>\n                                                                                <div class=\"details \">\n                                                                                        <div class=\"infor\">\n                                                                                                <div class=\"name\">Mary<\/div>                                                                                                    <div class=\"job\">Inghilterra<\/div>\n                                                                                            <\/div>\n                                        <\/div>\n                                    <\/div>\n                                <\/div>\n                            \n                            \n                        <\/div>\n                                            <div class=\"column-item elementor-testimonial-item\">\n\n                                                            <div class=\"testimonial-content\">\n                                    <div class=\"testimonial-inner\">\n                                                                                <div class=\"elementor-testimonial-rating\"><i class=\"villax-icon-star-2 active\" aria-hidden=\"true\"><\/i><i class=\"villax-icon-star-2 active\" aria-hidden=\"true\"><\/i><i class=\"villax-icon-star-2 active\" aria-hidden=\"true\"><\/i><i class=\"villax-icon-star-2 active\" aria-hidden=\"true\"><\/i><i class=\"villax-icon-star-2 active\" aria-hidden=\"true\"><\/i><\/div>                                                                                    <div class=\"content\">\n                                                \"L'host \u00e8 stato molto disponibile e collaborativo, la vista era fantastica, la camera era molto pulita, accogliente, completamente attrezzata e sicura.\"                                            <\/div>\n                                                                                <div class=\"details \">\n                                                                                        <div class=\"infor\">\n                                                                                                <div class=\"name\">Mobarak<\/div>                                                                                                    <div class=\"job\">Arabia Saudita<\/div>\n                                                                                            <\/div>\n                                        <\/div>\n                                    <\/div>\n                                <\/div>\n                            \n                            \n                        <\/div>\n                                    <\/div>\n            <\/div>\n            \t\t\t\t<\/div>\n\t\t\t\t<\/div>\n\t\t\t\t<div class=\"elementor-element elementor-element-b25cec9 elementor-widget elementor-widget-spacer\" data-id=\"b25cec9\" data-element_type=\"widget\" data-e-type=\"widget\" data-widget_type=\"spacer.default\">\n\t\t\t\t<div class=\"elementor-widget-container\">\n\t\t\t\t\t\t\t<div class=\"elementor-spacer\">\n\t\t\t<div class=\"elementor-spacer-inner\"><\/div>\n\t\t<\/div>\n\t\t\t\t\t\t<\/div>\n\t\t\t\t<\/div>\n\t\t\t\t\t<\/div>\n\t\t<\/div>\n\t\t\t\t<div class=\"elementor-column elementor-col-50 elementor-inner-column elementor-element elementor-element-a0a47b9\" data-id=\"a0a47b9\" data-element_type=\"column\" data-e-type=\"column\">\n\t\t\t<div class=\"elementor-widget-wrap\">\n\t\t\t\t\t\t\t<\/div>\n\t\t<\/div>\n\t\t\t\t\t<\/div>\n\t\t<\/section>\n\t\t<div class=\"elementor-element elementor-element-2e80b01 e-flex e-con-boxed e-con e-parent\" data-id=\"2e80b01\" data-element_type=\"container\" data-e-type=\"container\" data-settings=\"{&quot;background_background&quot;:&quot;classic&quot;}\">\n\t\t\t\t\t<div class=\"e-con-inner\">\n\t\t\t\t<div class=\"elementor-element elementor-element-2d3c8a0 elementor-widget elementor-widget-spacer\" data-id=\"2d3c8a0\" data-element_type=\"widget\" data-e-type=\"widget\" data-widget_type=\"spacer.default\">\n\t\t\t\t<div class=\"elementor-widget-container\">\n\t\t\t\t\t\t\t<div class=\"elementor-spacer\">\n\t\t\t<div class=\"elementor-spacer-inner\"><\/div>\n\t\t<\/div>\n\t\t\t\t\t\t<\/div>\n\t\t\t\t<\/div>\n\t\t\t\t<div class=\"elementor-element elementor-element-003fa63 elementor-headline--style-highlight elementor-invisible elementor-widget elementor-widget-animated-headline\" data-id=\"003fa63\" data-element_type=\"widget\" data-e-type=\"widget\" data-settings=\"{&quot;marker&quot;:&quot;underline&quot;,&quot;highlighted_text&quot;:&quot;Lago di Garda&quot;,&quot;_animation&quot;:&quot;fadeIn&quot;,&quot;headline_style&quot;:&quot;highlight&quot;,&quot;loop&quot;:&quot;yes&quot;,&quot;highlight_animation_duration&quot;:1200,&quot;highlight_iteration_delay&quot;:8000}\" data-widget_type=\"animated-headline.default\">\n\t\t\t\t<div class=\"elementor-widget-container\">\n\t\t\t\t\t\t\t<h3 class=\"elementor-headline\">\n\t\t\t\t\t<span class=\"elementor-headline-plain-text elementor-headline-text-wrapper\">Scopri il<\/span>\n\t\t\t\t<span class=\"elementor-headline-dynamic-wrapper elementor-headline-text-wrapper\">\n\t\t\t\t\t<span class=\"elementor-headline-dynamic-text elementor-headline-text-active\">Lago di Garda<\/span>\n\t\t\t\t<\/span>\n\t\t\t\t<\/h3>\n\t\t\t\t\t\t<\/div>\n\t\t\t\t<\/div>\n\t\t\t\t<div class=\"elementor-element elementor-element-6a8fcdf elementor-widget elementor-widget-villax-accordion-images\" data-id=\"6a8fcdf\" data-element_type=\"widget\" data-e-type=\"widget\" data-widget_type=\"villax-accordion-images.default\">\n\t\t\t\t<div class=\"elementor-widget-container\">\n\t\t\t\t\t        <div class=\"accordion-widget-container\">\n            <div class=\"images-wrap\">\n                <div class=\"images-inner villax-carousel\">\n                                <div class=\"image\">\n                <img loading=\"lazy\" decoding=\"async\" width=\"2560\" height=\"1707\" src=\"https:\/\/www.lucisullagodigarda.com\/wp-content\/uploads\/2026\/01\/affitti-brevi-lago-di-garda_20-scaled.jpg\" class=\"attachment-full size-full wp-image-5209\" alt=\"\" srcset=\"https:\/\/www.lucisullagodigarda.com\/wp-content\/uploads\/2026\/01\/affitti-brevi-lago-di-garda_20-scaled.jpg 2560w, https:\/\/www.lucisullagodigarda.com\/wp-content\/uploads\/2026\/01\/affitti-brevi-lago-di-garda_20-300x200.jpg 300w, https:\/\/www.lucisullagodigarda.com\/wp-content\/uploads\/2026\/01\/affitti-brevi-lago-di-garda_20-1024x683.jpg 1024w, https:\/\/www.lucisullagodigarda.com\/wp-content\/uploads\/2026\/01\/affitti-brevi-lago-di-garda_20-768x512.jpg 768w, https:\/\/www.lucisullagodigarda.com\/wp-content\/uploads\/2026\/01\/affitti-brevi-lago-di-garda_20-1536x1024.jpg 1536w, https:\/\/www.lucisullagodigarda.com\/wp-content\/uploads\/2026\/01\/affitti-brevi-lago-di-garda_20-2048x1365.jpg 2048w\" sizes=\"(max-width: 2560px) 100vw, 2560px\" \/>            <\/div>\n                    <div class=\"image\">\n                <img loading=\"lazy\" decoding=\"async\" width=\"2560\" height=\"1707\" src=\"https:\/\/www.lucisullagodigarda.com\/wp-content\/uploads\/2026\/01\/affitti-brevi-lago-di-garda_03-scaled.jpg\" class=\"attachment-full size-full wp-image-5210\" alt=\"\" srcset=\"https:\/\/www.lucisullagodigarda.com\/wp-content\/uploads\/2026\/01\/affitti-brevi-lago-di-garda_03-scaled.jpg 2560w, https:\/\/www.lucisullagodigarda.com\/wp-content\/uploads\/2026\/01\/affitti-brevi-lago-di-garda_03-300x200.jpg 300w, https:\/\/www.lucisullagodigarda.com\/wp-content\/uploads\/2026\/01\/affitti-brevi-lago-di-garda_03-1024x683.jpg 1024w, https:\/\/www.lucisullagodigarda.com\/wp-content\/uploads\/2026\/01\/affitti-brevi-lago-di-garda_03-768x512.jpg 768w, https:\/\/www.lucisullagodigarda.com\/wp-content\/uploads\/2026\/01\/affitti-brevi-lago-di-garda_03-1536x1024.jpg 1536w, https:\/\/www.lucisullagodigarda.com\/wp-content\/uploads\/2026\/01\/affitti-brevi-lago-di-garda_03-2048x1365.jpg 2048w\" sizes=\"(max-width: 2560px) 100vw, 2560px\" \/>            <\/div>\n                    <div class=\"image\">\n                <img loading=\"lazy\" decoding=\"async\" width=\"2560\" height=\"1706\" src=\"https:\/\/www.lucisullagodigarda.com\/wp-content\/uploads\/2026\/01\/affitti-brevi-lago-di-garda_12-scaled.jpg\" class=\"attachment-full size-full wp-image-5225\" alt=\"\" srcset=\"https:\/\/www.lucisullagodigarda.com\/wp-content\/uploads\/2026\/01\/affitti-brevi-lago-di-garda_12-scaled.jpg 2560w, https:\/\/www.lucisullagodigarda.com\/wp-content\/uploads\/2026\/01\/affitti-brevi-lago-di-garda_12-300x200.jpg 300w, https:\/\/www.lucisullagodigarda.com\/wp-content\/uploads\/2026\/01\/affitti-brevi-lago-di-garda_12-1024x683.jpg 1024w, https:\/\/www.lucisullagodigarda.com\/wp-content\/uploads\/2026\/01\/affitti-brevi-lago-di-garda_12-768x512.jpg 768w, https:\/\/www.lucisullagodigarda.com\/wp-content\/uploads\/2026\/01\/affitti-brevi-lago-di-garda_12-1536x1024.jpg 1536w, https:\/\/www.lucisullagodigarda.com\/wp-content\/uploads\/2026\/01\/affitti-brevi-lago-di-garda_12-2048x1365.jpg 2048w\" sizes=\"(max-width: 2560px) 100vw, 2560px\" \/>            <\/div>\n                    <div class=\"image\">\n                <img loading=\"lazy\" decoding=\"async\" width=\"2560\" height=\"1707\" src=\"https:\/\/www.lucisullagodigarda.com\/wp-content\/uploads\/2026\/01\/MG_9613-scaled.jpg\" class=\"attachment-full size-full wp-image-5227\" alt=\"\" srcset=\"https:\/\/www.lucisullagodigarda.com\/wp-content\/uploads\/2026\/01\/MG_9613-scaled.jpg 2560w, https:\/\/www.lucisullagodigarda.com\/wp-content\/uploads\/2026\/01\/MG_9613-300x200.jpg 300w, https:\/\/www.lucisullagodigarda.com\/wp-content\/uploads\/2026\/01\/MG_9613-1024x683.jpg 1024w, https:\/\/www.lucisullagodigarda.com\/wp-content\/uploads\/2026\/01\/MG_9613-768x512.jpg 768w, https:\/\/www.lucisullagodigarda.com\/wp-content\/uploads\/2026\/01\/MG_9613-1536x1024.jpg 1536w, https:\/\/www.lucisullagodigarda.com\/wp-content\/uploads\/2026\/01\/MG_9613-2048x1365.jpg 2048w\" sizes=\"(max-width: 2560px) 100vw, 2560px\" \/>            <\/div>\n                        <\/div>\n            <\/div>\n            <div class=\"elementor-accordion\" role=\"tablist\">\n                                <div class=\"elementor-accordion-item\">\n                    <div id=\"elementor-tab-title-1111\" class=\"elementor-tab-title elementor-active\" data-tab=\"1\" data-slide=\"1\" role=\"tab\" aria-controls=\"elementor-tab-content-1111\" aria-expanded=\"false\"                    >\n                    <a class=\"elementor-accordion-title\" href=\"\">Sal\u00f2<\/a>\n                <\/div>\n                <div id=\"elementor-tab-content-1111\" class=\"elementor-tab-content elementor-clearfix elementor-active\" data-tab=\"1\" role=\"tabpanel\" aria-labelledby=\"elementor-tab-title-1111\"><p>Elegante localit\u00e0 del Lago di Garda, Sal\u00f2 \u00e8 famosa per il suo ampio golfo e per il suggestivo lungolago, ricco di ristoranti, bar e negozi. Il centro storico vivace e la posizione strategica la rendono ideale per esplorare il Garda occidentale.<\/p><\/div>\n            <\/div>\n                            <div class=\"elementor-accordion-item\">\n                    <div id=\"elementor-tab-title-1112\" class=\"elementor-tab-title \" data-tab=\"2\" data-slide=\"2\" role=\"tab\" aria-controls=\"elementor-tab-content-1112\" aria-expanded=\"false\"                    >\n                    <a class=\"elementor-accordion-title\" href=\"\">Limone sul Garda<\/a>\n                <\/div>\n                <div id=\"elementor-tab-content-1112\" class=\"elementor-tab-content elementor-clearfix \" data-tab=\"2\" role=\"tabpanel\" aria-labelledby=\"elementor-tab-title-1112\"><p>Borgo pittoresco del Lago di Garda, Limone \u00e8 noto per le sue case colorate, le limonaie storiche e i panorami spettacolari. Meta ideale per chi ama natura, sport all\u2019aria aperta e atmosfere autentiche.<\/p><\/div>\n            <\/div>\n                            <div class=\"elementor-accordion-item\">\n                    <div id=\"elementor-tab-title-1113\" class=\"elementor-tab-title \" data-tab=\"3\" data-slide=\"3\" role=\"tab\" aria-controls=\"elementor-tab-content-1113\" aria-expanded=\"false\"                    >\n                    <a class=\"elementor-accordion-title\" href=\"\">Manerba del Garda<\/a>\n                <\/div>\n                <div id=\"elementor-tab-content-1113\" class=\"elementor-tab-content elementor-clearfix \" data-tab=\"3\" role=\"tabpanel\" aria-labelledby=\"elementor-tab-title-1113\"><p>Manerba del Garda \u00e8 una tranquilla localit\u00e0 immersa nella natura, famosa per la Rocca e per le sue spiagge tra le pi\u00f9 belle del lago. Ideale per chi cerca relax, panorami suggestivi e attivit\u00e0 all\u2019aria aperta, in una posizione comoda per esplorare il basso Garda.<\/p><\/div>\n            <\/div>\n                            <div class=\"elementor-accordion-item\">\n                    <div id=\"elementor-tab-title-1114\" class=\"elementor-tab-title \" data-tab=\"4\" data-slide=\"4\" role=\"tab\" aria-controls=\"elementor-tab-content-1114\" aria-expanded=\"false\"                    >\n                    <a class=\"elementor-accordion-title\" href=\"\">Sirmione<\/a>\n                <\/div>\n                <div id=\"elementor-tab-content-1114\" class=\"elementor-tab-content elementor-clearfix \" data-tab=\"4\" role=\"tabpanel\" aria-labelledby=\"elementor-tab-title-1114\"><p>Sirmione \u00e8 una delle mete pi\u00f9 iconiche del Lago di Garda, celebre per il Castello Scaligero, il centro storico affacciato sull\u2019acqua e le terme. Un luogo unico dove storia, benessere e paesaggi spettacolari si incontrano.<\/p><\/div>\n            <\/div>\n                    <\/div>\n        <\/div>\n        \t\t\t\t<\/div>\n\t\t\t\t<\/div>\n\t\t\t\t\t<\/div>\n\t\t\t\t<\/div>\n\t\t\t\t\t<\/div>\n\t\t<\/div>\n\t\t\t\t\t<\/div>\n\t\t<\/section>\n\t\t<div class=\"elementor-element elementor-element-66b7a89 e-flex e-con-boxed e-con e-parent\" data-id=\"66b7a89\" data-element_type=\"container\" data-e-type=\"container\">\n\t\t\t\t\t<div class=\"e-con-inner\">\n\t\t\t\t\t<\/div>\n\t\t\t\t<\/div>\n\t\t<div class=\"elementor-element elementor-element-dfcf5ec e-flex e-con-boxed e-con e-parent\" data-id=\"dfcf5ec\" data-element_type=\"container\" data-e-type=\"container\">\n\t\t\t\t\t<div class=\"e-con-inner\">\n\t\t\t\t\t<\/div>\n\t\t\t\t<\/div>\n\t\t<div class=\"elementor-element elementor-element-4fdf291 e-flex e-con-boxed e-con e-parent\" data-id=\"4fdf291\" data-element_type=\"container\" data-e-type=\"container\">\n\t\t\t\t\t<div class=\"e-con-inner\">\n\t\t\t\t<div class=\"elementor-element elementor-element-eb18c7d elementor-widget__width-initial elementor-widget elementor-widget-theme-site-title elementor-widget-heading\" data-id=\"eb18c7d\" data-element_type=\"widget\" data-e-type=\"widget\" data-widget_type=\"theme-site-title.default\">\n\t\t\t\t<div class=\"elementor-widget-container\">\n\t\t\t\t\t<h2 class=\"elementor-heading-title elementor-size-default\"><a href=\"https:\/\/www.lucisullagodigarda.com\">Luci Sul Lago di Garda<\/a><\/h2>\t\t\t\t<\/div>\n\t\t\t\t<\/div>\n\t\t\t\t\t<\/div>\n\t\t\t\t<\/div>\n\t\t\t\t<\/div>\n\t\t","protected":false},"excerpt":{"rendered":"<p>BENVENUTI Gestione professionale di affitti brevi sul Lago di Garda Luci sul Lago di Garda nasce per offrire un servizio completo e personalizzato nella gestione di affitti brevi, dedicato sia ai proprietari che desiderano valorizzare il proprio immobile senza pensieri, sia agli ospiti in cerca di un soggiorno autentico e confortevole. Conosciamo profondamente il territorio [&hellip;]<\/p>\n","protected":false},"author":1,"featured_media":0,"parent":0,"menu_order":0,"comment_status":"closed","ping_status":"closed","template":"template-homepage.php","meta":{"footnotes":""},"class_list":["post-6052","page","type-page","status-publish","hentry"],"_links":{"self":[{"href":"https:\/\/www.lucisullagodigarda.com\/index.php\/wp-json\/wp\/v2\/pages\/6052","targetHints":{"allow":["GET"]}}],"collection":[{"href":"https:\/\/www.lucisullagodigarda.com\/index.php\/wp-json\/wp\/v2\/pages"}],"about":[{"href":"https:\/\/www.lucisullagodigarda.com\/index.php\/wp-json\/wp\/v2\/types\/page"}],"author":[{"embeddable":true,"href":"https:\/\/www.lucisullagodigarda.com\/index.php\/wp-json\/wp\/v2\/users\/1"}],"replies":[{"embeddable":true,"href":"https:\/\/www.lucisullagodigarda.com\/index.php\/wp-json\/wp\/v2\/comments?post=6052"}],"version-history":[{"count":26,"href":"https:\/\/www.lucisullagodigarda.com\/index.php\/wp-json\/wp\/v2\/pages\/6052\/revisions"}],"predecessor-version":[{"id":6354,"href":"https:\/\/www.lucisullagodigarda.com\/index.php\/wp-json\/wp\/v2\/pages\/6052\/revisions\/6354"}],"wp:attachment":[{"href":"https:\/\/www.lucisullagodigarda.com\/index.php\/wp-json\/wp\/v2\/media?parent=6052"}],"curies":[{"name":"wp","href":"https:\/\/api.w.org\/{rel}","templated":true}]}}